{"id":9252,"date":"2020-06-03T14:12:49","date_gmt":"2020-06-03T12:12:49","guid":{"rendered":"https:\/\/maquinsarent.com\/politica-de-privadesa\/"},"modified":"2024-09-26T12:12:59","modified_gmt":"2024-09-26T10:12:59","slug":"politica-de-privadesa","status":"publish","type":"page","link":"https:\/\/maquinsarent.com\/ca\/politica-de-privadesa\/","title":{"rendered":"Pol\u00edtica de privadesa"},"content":{"rendered":"\t\t<div data-elementor-type=\"wp-page\" data-elementor-id=\"9252\" class=\"elementor elementor-9252 elementor-1240\" data-elementor-post-type=\"page\">\n\t\t\t\t<div class=\"elementor-element elementor-element-e708567 e-flex e-con-boxed e-con e-parent\" data-id=\"e708567\" data-element_type=\"container\" data-settings=\"{&quot;background_background&quot;:&quot;classic&quot;}\">\n\t\t\t\t\t<div class=\"e-con-inner\">\n\t\t\t\t<div class=\"elementor-element elementor-element-df92809 elementor-widget elementor-widget-spacer\" data-id=\"df92809\" data-element_type=\"widget\" data-widget_type=\"spacer.default\">\n\t\t\t\t<div class=\"elementor-widget-container\">\n\t\t\t\t\t\t\t<div class=\"elementor-spacer\">\n\t\t\t<div class=\"elementor-spacer-inner\"><\/div>\n\t\t<\/div>\n\t\t\t\t\t\t<\/div>\n\t\t\t\t<\/div>\n\t\t\t\t\t<\/div>\n\t\t\t\t<\/div>\n\t\t\t\t<section class=\"elementor-section elementor-top-section elementor-element elementor-element-4722093 elementor-section-boxed elementor-section-height-default elementor-section-height-default\" data-id=\"4722093\" data-element_type=\"section\" data-settings=\"{&quot;background_background&quot;:&quot;classic&quot;}\">\n\t\t\t\t\t\t<div class=\"elementor-container elementor-column-gap-default\">\n\t\t\t\t\t<div class=\"elementor-column elementor-col-100 elementor-top-column elementor-element elementor-element-2cca04b\" data-id=\"2cca04b\" data-element_type=\"column\">\n\t\t\t<div class=\"elementor-widget-wrap elementor-element-populated\">\n\t\t\t\t\t\t<div class=\"elementor-element elementor-element-466a5cb elementor-widget-divider--view-line elementor-widget elementor-widget-divider\" data-id=\"466a5cb\" data-element_type=\"widget\" data-widget_type=\"divider.default\">\n\t\t\t\t<div class=\"elementor-widget-container\">\n\t\t\t\t\t\t\t<div class=\"elementor-divider\">\n\t\t\t<span class=\"elementor-divider-separator\">\n\t\t\t\t\t\t<\/span>\n\t\t<\/div>\n\t\t\t\t\t\t<\/div>\n\t\t\t\t<\/div>\n\t\t\t\t<div class=\"elementor-element elementor-element-593f966 elementor-widget elementor-widget-heading\" data-id=\"593f966\" data-element_type=\"widget\" data-widget_type=\"heading.default\">\n\t\t\t\t<div class=\"elementor-widget-container\">\n\t\t\t\t\t<h1 class=\"elementor-heading-title elementor-size-default\">Pol\u00edtica de privadesa<\/h1>\t\t\t\t<\/div>\n\t\t\t\t<\/div>\n\t\t\t\t\t<\/div>\n\t\t<\/div>\n\t\t\t\t\t<\/div>\n\t\t<\/section>\n\t\t\t\t<section class=\"elementor-section elementor-top-section elementor-element elementor-element-28313ef elementor-section-boxed elementor-section-height-default elementor-section-height-default\" data-id=\"28313ef\" data-element_type=\"section\">\n\t\t\t\t\t\t<div class=\"elementor-container elementor-column-gap-default\">\n\t\t\t\t\t<div class=\"elementor-column elementor-col-100 elementor-top-column elementor-element elementor-element-0e0885c\" data-id=\"0e0885c\" data-element_type=\"column\">\n\t\t\t<div class=\"elementor-widget-wrap elementor-element-populated\">\n\t\t\t\t\t\t<div class=\"elementor-element elementor-element-e5f1eeb elementor-widget elementor-widget-text-editor\" data-id=\"e5f1eeb\" data-element_type=\"widget\" data-widget_type=\"text-editor.default\">\n\t\t\t\t<div class=\"elementor-widget-container\">\n\t\t\t\t\t\t\t\t\t<p><span style=\"font-weight: 400;\">POL\u00cdTICA DE PROTECCI\u00d3 DE DADES<\/span><\/p>\n<p><span style=\"font-weight: 400;\">CL\u00c0USULA INFORMATIVA PER A CLIENTS I PROVE\u00cfDORS<\/span><\/p>\n<\/p>\n<p><span style=\"font-weight: 400;\">MAQUIN\u00c0RIA AGR\u00cdCOLA INDUSTRIAL, SA &#8211; MAQUINSA, amb domicili a Pol. Ind. El Segre-Av. Ind\u00fastria, 505, de Lleida 25191, inscrita al Registre Mercantil de Lleida amb CIF A-25040924, (a partir d&#8217;ara, el responsable) \u00e9s el responsable del tractament, per la qual cosa en compliment del Reglament (UE) 2016\/679 ( d&#8217;ara endavant , el RGPD), de la llei 3\/2018 (d&#8217;ara endavant LOPDGDD) i de la llei 34\/2002 (d&#8217;ara endavant, LSSICE), us informem del tractament de les vostres dades personals com a interessades, contingudes en aquest document i dels dades personals que ens faciliti en el futur.<\/span><\/p>\n<p><span style=\"font-weight: 400;\">La finalitat del tractament: establir els contactes previs amb el client\/prove\u00efdor per preparar el pressupost i en cas d&#8217;acceptaci\u00f3, establir la relaci\u00f3 jur\u00eddica entre ambdues parts derivada del contracte formalitzat, aix\u00ed com dur a terme la seva gesti\u00f3, control, administraci\u00f3, execuci\u00f3, ampliaci\u00f3 i millora, la gesti\u00f3 de la facturaci\u00f3 i el compliment de les obligacions legals, comptables, fiscals i totes aquelles relacionades o vinculades amb el contracte signat. Les dades les conservarem durant tota la vig\u00e8ncia del contracte.<\/span><\/p>\n<p><span style=\"font-weight: 400;\">La legitimaci\u00f3 del tractament: lexecuci\u00f3 dun contracte.<\/span><\/p>\n<p><span style=\"font-weight: 400;\">Les dades recollides: nom, cognoms, DNI, adre\u00e7a de contacte professional, adre\u00e7a de correu electr\u00f2nic, NIF.<\/span><\/p>\n<p><span style=\"font-weight: 400;\">Destinataris: en general, el responsable no cedir\u00e0 dades personals a tercers, llevat que hi hagi una obligaci\u00f3 legal o tenim el consentiment expr\u00e9s de l&#8217;interessat. Concretament, les dades personals es poden transferir a:<\/span><\/p>\n<p><span style=\"font-weight: 400;\">a.- les administracions p\u00fabliques, els jutges i tribunals per al compliment de les obligacions legals a qu\u00e8 estigui sotm\u00e8s el responsable de la seva activitat.<\/span><\/p>\n<p><span style=\"font-weight: 400;\">b.- a entitats financeres per al compliment de les obligacions derivades del contracte entre el responsable del tractament i linteressat, en aquells sup\u00f2sits en qu\u00e8 shagu\u00e9s establert un sistema de pagament\/cobrament a trav\u00e9s de les institucions esmentades, havent de referir-se \u00fanica i exclusivament aquesta cessi\u00f3 a les dades estrictament imprescindibles per procedir a aquest pagament\/cobrament.<\/span><\/p>\n<p><span style=\"font-weight: 400;\">c.- a tercers en tots els casos en qu\u00e8 sigui necessari per al desenvolupament, compliment i control del contracte entre la persona responsable i l&#8217;interessat, per exemple, aquelles empreses o persones que participin o col\u00b7laborin en el proc\u00e9s d&#8217;implantaci\u00f3, com les empreses d&#8217;inform\u00e0tica o auditors.<\/span><\/p>\n<p><span style=\"font-weight: 400;\">d.- als encarregats de tractament, acc\u00e9s que en cap cas implicar\u00e0 una cessi\u00f3 de dades, quan sigui necessari accedir a les seves dades personals per a la prestaci\u00f3 dels serveis que el responsable hagi contractat amb aquests encarregats, i amb qui ha subscrit un contracte dencarregat.<\/span><\/p>\n<p><span style=\"font-weight: 400;\">Pel que fa als terminis de conservaci\u00f3: el responsable tractar\u00e0 les dades personals nom\u00e9s durant el temps necessari per a la realitzaci\u00f3 de les finalitats per les quals van ser recollides, sempre que no revoqui el consentiment atorgat i determinar les possibles responsabilitats que puguin sorgir. Un cop finalitzada la relaci\u00f3, la informaci\u00f3 es mantindr\u00e0 bloquejada pels terminis legalment establerts que siguin necessaris per a la formulaci\u00f3, l&#8217;exercici o la defensa de reclamacions i posteriorment procedir-ne a suprimir.<\/span><\/p>\n<p><span style=\"font-weight: 400;\">Drets: l&#8217;interessat podr\u00e0 exercitar els drets d&#8217;acc\u00e9s, rectificaci\u00f3, supressi\u00f3, sol\u00b7licitud de limitaci\u00f3 al tractament de les dades de car\u00e0cter personal, a oposar-se al tractament, a sol\u00b7licitar la portabilitat, a no ser objecte de decisions individuals automatitzades ia revocar el consentiment prestat sense efectes retroactius, enviant una comunicaci\u00f3 per escrit al destinatari, aportant el DNI o document oficial acreditatiu de la identitat de linteressat, indicant la sol\u00b7licitud o dret que exerceix .<\/span><\/p>\n<p><span style=\"font-weight: 400;\">L&#8217;interessat pot presentar una reclamaci\u00f3 davant de l&#8217;Ag\u00e8ncia Espanyola de protecci\u00f3 de dades a trav\u00e9s de la p\u00e0gina web www.agpd.es<\/span><\/p>\n\t\t\t\t\t\t\t\t<\/div>\n\t\t\t\t<\/div>\n\t\t\t\t\t<\/div>\n\t\t<\/div>\n\t\t\t\t\t<\/div>\n\t\t<\/section>\n\t\t\t\t<\/div>\n\t\t","protected":false},"excerpt":{"rendered":"<p>Pol\u00edtica de privadesa POL\u00cdTICA DE PROTECCI\u00d3 DE DADES CL\u00c0USULA INFORMATIVA PER A CLIENTS I PROVE\u00cfDORS MAQUIN\u00c0RIA AGR\u00cdCOLA INDUSTRIAL, SA &#8211; MAQUINSA, amb domicili a Pol. Ind. El Segre-Av. Ind\u00fastria, 505, de Lleida 25191, inscrita al Registre Mercantil de Lleida amb CIF A-25040924, (a partir d&#8217;ara, el responsable) \u00e9s el responsable del tractament, per la qual [&hellip;]<\/p>\n","protected":false},"author":1,"featured_media":0,"parent":0,"menu_order":0,"comment_status":"closed","ping_status":"closed","template":"elementor_header_footer","meta":{"footnotes":""},"class_list":["post-9252","page","type-page","status-publish","hentry"],"yoast_head":"<!-- This site is optimized with the Yoast SEO plugin v26.1.1 - https:\/\/yoast.com\/wordpress\/plugins\/seo\/ -->\n<title>Pol\u00edtica de privadesa - Maquinsarent<\/title>\n<meta name=\"robots\" content=\"index, follow, max-snippet:-1, max-image-preview:large, max-video-preview:-1\" \/>\n<link rel=\"canonical\" href=\"https:\/\/maquinsarent.com\/ca\/politica-de-privadesa\/\" \/>\n<meta property=\"og:locale\" content=\"ca_ES\" \/>\n<meta property=\"og:type\" content=\"article\" \/>\n<meta property=\"og:title\" content=\"Pol\u00edtica de privadesa - Maquinsarent\" \/>\n<meta property=\"og:description\" content=\"Pol\u00edtica de privadesa POL\u00cdTICA DE PROTECCI\u00d3 DE DADES CL\u00c0USULA INFORMATIVA PER A CLIENTS I PROVE\u00cfDORS MAQUIN\u00c0RIA AGR\u00cdCOLA INDUSTRIAL, SA &#8211; MAQUINSA, amb domicili a Pol. Ind. El Segre-Av. Ind\u00fastria, 505, de Lleida 25191, inscrita al Registre Mercantil de Lleida amb CIF A-25040924, (a partir d&#8217;ara, el responsable) \u00e9s el responsable del tractament, per la qual [&hellip;]\" \/>\n<meta property=\"og:url\" content=\"https:\/\/maquinsarent.com\/ca\/politica-de-privadesa\/\" \/>\n<meta property=\"og:site_name\" content=\"Maquinsarent\" \/>\n<meta property=\"article:modified_time\" content=\"2024-09-26T10:12:59+00:00\" \/>\n<meta name=\"twitter:card\" content=\"summary_large_image\" \/>\n<meta name=\"twitter:label1\" content=\"Temps estimat de lectura\" \/>\n\t<meta name=\"twitter:data1\" content=\"3 minuts\" \/>\n<script type=\"application\/ld+json\" class=\"yoast-schema-graph\">{\"@context\":\"https:\/\/schema.org\",\"@graph\":[{\"@type\":\"WebPage\",\"@id\":\"https:\/\/maquinsarent.com\/ca\/politica-de-privadesa\/\",\"url\":\"https:\/\/maquinsarent.com\/ca\/politica-de-privadesa\/\",\"name\":\"Pol\u00edtica de privadesa - Maquinsarent\",\"isPartOf\":{\"@id\":\"https:\/\/maquinsarent.com\/ca\/#website\"},\"datePublished\":\"2020-06-03T12:12:49+00:00\",\"dateModified\":\"2024-09-26T10:12:59+00:00\",\"breadcrumb\":{\"@id\":\"https:\/\/maquinsarent.com\/ca\/politica-de-privadesa\/#breadcrumb\"},\"inLanguage\":\"ca\",\"potentialAction\":[{\"@type\":\"ReadAction\",\"target\":[\"https:\/\/maquinsarent.com\/ca\/politica-de-privadesa\/\"]}]},{\"@type\":\"BreadcrumbList\",\"@id\":\"https:\/\/maquinsarent.com\/ca\/politica-de-privadesa\/#breadcrumb\",\"itemListElement\":[{\"@type\":\"ListItem\",\"position\":1,\"name\":\"Portada\",\"item\":\"https:\/\/maquinsarent.com\/ca\/\"},{\"@type\":\"ListItem\",\"position\":2,\"name\":\"Pol\u00edtica de privadesa\"}]},{\"@type\":\"WebSite\",\"@id\":\"https:\/\/maquinsarent.com\/ca\/#website\",\"url\":\"https:\/\/maquinsarent.com\/ca\/\",\"name\":\"Maquinsarent\",\"description\":\"La teva soluci\u00f3 en maquin\u00e0ria\",\"publisher\":{\"@id\":\"https:\/\/maquinsarent.com\/ca\/#organization\"},\"potentialAction\":[{\"@type\":\"SearchAction\",\"target\":{\"@type\":\"EntryPoint\",\"urlTemplate\":\"https:\/\/maquinsarent.com\/ca\/?s={search_term_string}\"},\"query-input\":{\"@type\":\"PropertyValueSpecification\",\"valueRequired\":true,\"valueName\":\"search_term_string\"}}],\"inLanguage\":\"ca\"},{\"@type\":\"Organization\",\"@id\":\"https:\/\/maquinsarent.com\/ca\/#organization\",\"name\":\"Maquinsarent\",\"url\":\"https:\/\/maquinsarent.com\/ca\/\",\"logo\":{\"@type\":\"ImageObject\",\"inLanguage\":\"ca\",\"@id\":\"https:\/\/maquinsarent.com\/ca\/#\/schema\/logo\/image\/\",\"url\":\"https:\/\/maquinsarent.com\/wp-content\/uploads\/2020\/03\/Maquinsarent-logo-blanco.svg\",\"contentUrl\":\"https:\/\/maquinsarent.com\/wp-content\/uploads\/2020\/03\/Maquinsarent-logo-blanco.svg\",\"width\":435.12,\"height\":139.14,\"caption\":\"Maquinsarent\"},\"image\":{\"@id\":\"https:\/\/maquinsarent.com\/ca\/#\/schema\/logo\/image\/\"},\"sameAs\":[\"https:\/\/www.linkedin.com\/company\/maquinsarent\/\",\"https:\/\/instagram.com\/maquinsarent\/\"]}]}<\/script>\n<!-- \/ Yoast SEO plugin. -->","yoast_head_json":{"title":"Pol\u00edtica de privadesa - Maquinsarent","robots":{"index":"index","follow":"follow","max-snippet":"max-snippet:-1","max-image-preview":"max-image-preview:large","max-video-preview":"max-video-preview:-1"},"canonical":"https:\/\/maquinsarent.com\/ca\/politica-de-privadesa\/","og_locale":"ca_ES","og_type":"article","og_title":"Pol\u00edtica de privadesa - Maquinsarent","og_description":"Pol\u00edtica de privadesa POL\u00cdTICA DE PROTECCI\u00d3 DE DADES CL\u00c0USULA INFORMATIVA PER A CLIENTS I PROVE\u00cfDORS MAQUIN\u00c0RIA AGR\u00cdCOLA INDUSTRIAL, SA &#8211; MAQUINSA, amb domicili a Pol. Ind. El Segre-Av. Ind\u00fastria, 505, de Lleida 25191, inscrita al Registre Mercantil de Lleida amb CIF A-25040924, (a partir d&#8217;ara, el responsable) \u00e9s el responsable del tractament, per la qual [&hellip;]","og_url":"https:\/\/maquinsarent.com\/ca\/politica-de-privadesa\/","og_site_name":"Maquinsarent","article_modified_time":"2024-09-26T10:12:59+00:00","twitter_card":"summary_large_image","twitter_misc":{"Temps estimat de lectura":"3 minuts"},"schema":{"@context":"https:\/\/schema.org","@graph":[{"@type":"WebPage","@id":"https:\/\/maquinsarent.com\/ca\/politica-de-privadesa\/","url":"https:\/\/maquinsarent.com\/ca\/politica-de-privadesa\/","name":"Pol\u00edtica de privadesa - Maquinsarent","isPartOf":{"@id":"https:\/\/maquinsarent.com\/ca\/#website"},"datePublished":"2020-06-03T12:12:49+00:00","dateModified":"2024-09-26T10:12:59+00:00","breadcrumb":{"@id":"https:\/\/maquinsarent.com\/ca\/politica-de-privadesa\/#breadcrumb"},"inLanguage":"ca","potentialAction":[{"@type":"ReadAction","target":["https:\/\/maquinsarent.com\/ca\/politica-de-privadesa\/"]}]},{"@type":"BreadcrumbList","@id":"https:\/\/maquinsarent.com\/ca\/politica-de-privadesa\/#breadcrumb","itemListElement":[{"@type":"ListItem","position":1,"name":"Portada","item":"https:\/\/maquinsarent.com\/ca\/"},{"@type":"ListItem","position":2,"name":"Pol\u00edtica de privadesa"}]},{"@type":"WebSite","@id":"https:\/\/maquinsarent.com\/ca\/#website","url":"https:\/\/maquinsarent.com\/ca\/","name":"Maquinsarent","description":"La teva soluci\u00f3 en maquin\u00e0ria","publisher":{"@id":"https:\/\/maquinsarent.com\/ca\/#organization"},"potentialAction":[{"@type":"SearchAction","target":{"@type":"EntryPoint","urlTemplate":"https:\/\/maquinsarent.com\/ca\/?s={search_term_string}"},"query-input":{"@type":"PropertyValueSpecification","valueRequired":true,"valueName":"search_term_string"}}],"inLanguage":"ca"},{"@type":"Organization","@id":"https:\/\/maquinsarent.com\/ca\/#organization","name":"Maquinsarent","url":"https:\/\/maquinsarent.com\/ca\/","logo":{"@type":"ImageObject","inLanguage":"ca","@id":"https:\/\/maquinsarent.com\/ca\/#\/schema\/logo\/image\/","url":"https:\/\/maquinsarent.com\/wp-content\/uploads\/2020\/03\/Maquinsarent-logo-blanco.svg","contentUrl":"https:\/\/maquinsarent.com\/wp-content\/uploads\/2020\/03\/Maquinsarent-logo-blanco.svg","width":435.12,"height":139.14,"caption":"Maquinsarent"},"image":{"@id":"https:\/\/maquinsarent.com\/ca\/#\/schema\/logo\/image\/"},"sameAs":["https:\/\/www.linkedin.com\/company\/maquinsarent\/","https:\/\/instagram.com\/maquinsarent\/"]}]}},"_links":{"self":[{"href":"https:\/\/maquinsarent.com\/ca\/wp-json\/wp\/v2\/pages\/9252","targetHints":{"allow":["GET"]}}],"collection":[{"href":"https:\/\/maquinsarent.com\/ca\/wp-json\/wp\/v2\/pages"}],"about":[{"href":"https:\/\/maquinsarent.com\/ca\/wp-json\/wp\/v2\/types\/page"}],"author":[{"embeddable":true,"href":"https:\/\/maquinsarent.com\/ca\/wp-json\/wp\/v2\/users\/1"}],"replies":[{"embeddable":true,"href":"https:\/\/maquinsarent.com\/ca\/wp-json\/wp\/v2\/comments?post=9252"}],"version-history":[{"count":6,"href":"https:\/\/maquinsarent.com\/ca\/wp-json\/wp\/v2\/pages\/9252\/revisions"}],"predecessor-version":[{"id":11394,"href":"https:\/\/maquinsarent.com\/ca\/wp-json\/wp\/v2\/pages\/9252\/revisions\/11394"}],"wp:attachment":[{"href":"https:\/\/maquinsarent.com\/ca\/wp-json\/wp\/v2\/media?parent=9252"}],"curies":[{"name":"wp","href":"https:\/\/api.w.org\/{rel}","templated":true}]}}