{"id":10937,"date":"2024-05-07T10:33:26","date_gmt":"2024-05-07T08:33:26","guid":{"rendered":"https:\/\/maquinsarent.com\/alquiler\/retroexcavadora-per-a-mini\/"},"modified":"2024-09-26T10:56:14","modified_gmt":"2024-09-26T08:56:14","slug":"retroexcavadora-per-a-mini","status":"publish","type":"cars","link":"https:\/\/maquinsarent.com\/ca\/lloguer\/retroexcavadora-per-a-mini\/","title":{"rendered":"Retroexcavadora per a mini"},"content":{"rendered":"<p>Transforma la carregadora a una excavadora potent, efica\u00e7, econ\u00f2mica i vers\u00e0til amb una retroexcavadora.<\/p>\n","protected":false},"excerpt":{"rendered":"<p>Transforma la carregadora a una excavadora potent, efica\u00e7, econ\u00f2mica i vers\u00e0til amb una retroexcavadora.<\/p>\n","protected":false},"author":1,"featured_media":0,"template":"","tipo-de-maquina":[298],"actividad":[307],"segmento":[346],"class_list":["post-10937","cars","type-cars","status-publish","hentry","tipo-de-maquina-implements","actividad-implements","segmento-implementos-ca"],"yoast_head":"<!-- This site is optimized with the Yoast SEO plugin v26.1.1 - https:\/\/yoast.com\/wordpress\/plugins\/seo\/ -->\n<title>Retroexcavadora per a mini<\/title>\n<meta name=\"description\" content=\"Retroexcavadora per a mini\" \/>\n<meta name=\"robots\" content=\"index, follow, max-snippet:-1, max-image-preview:large, max-video-preview:-1\" \/>\n<link rel=\"canonical\" href=\"https:\/\/maquinsarent.com\/ca\/lloguer\/retroexcavadora-per-a-mini\/\" \/>\n<meta property=\"og:locale\" content=\"ca_ES\" \/>\n<meta property=\"og:type\" content=\"article\" \/>\n<meta property=\"og:title\" content=\"Retroexcavadora per a mini\" \/>\n<meta property=\"og:description\" content=\"Retroexcavadora per a mini\" \/>\n<meta property=\"og:url\" content=\"https:\/\/maquinsarent.com\/ca\/lloguer\/retroexcavadora-per-a-mini\/\" \/>\n<meta property=\"og:site_name\" content=\"Maquinsarent\" \/>\n<meta property=\"article:modified_time\" content=\"2024-09-26T08:56:14+00:00\" \/>\n<meta name=\"twitter:card\" content=\"summary_large_image\" \/>\n<script type=\"application\/ld+json\" class=\"yoast-schema-graph\">{\"@context\":\"https:\/\/schema.org\",\"@graph\":[{\"@type\":\"WebPage\",\"@id\":\"https:\/\/maquinsarent.com\/ca\/lloguer\/retroexcavadora-per-a-mini\/\",\"url\":\"https:\/\/maquinsarent.com\/ca\/lloguer\/retroexcavadora-per-a-mini\/\",\"name\":\"Retroexcavadora per a mini\",\"isPartOf\":{\"@id\":\"https:\/\/maquinsarent.com\/ca\/#website\"},\"datePublished\":\"2024-05-07T08:33:26+00:00\",\"dateModified\":\"2024-09-26T08:56:14+00:00\",\"description\":\"Retroexcavadora per a mini\",\"breadcrumb\":{\"@id\":\"https:\/\/maquinsarent.com\/ca\/lloguer\/retroexcavadora-per-a-mini\/#breadcrumb\"},\"inLanguage\":\"ca\",\"potentialAction\":[{\"@type\":\"ReadAction\",\"target\":[\"https:\/\/maquinsarent.com\/ca\/lloguer\/retroexcavadora-per-a-mini\/\"]}]},{\"@type\":\"BreadcrumbList\",\"@id\":\"https:\/\/maquinsarent.com\/ca\/lloguer\/retroexcavadora-per-a-mini\/#breadcrumb\",\"itemListElement\":[{\"@type\":\"ListItem\",\"position\":1,\"name\":\"Portada\",\"item\":\"https:\/\/maquinsarent.com\/ca\/\"},{\"@type\":\"ListItem\",\"position\":2,\"name\":\"Lloguer\",\"item\":\"https:\/\/maquinsarent.com\/ca\/lloguer\/\"},{\"@type\":\"ListItem\",\"position\":3,\"name\":\"Retroexcavadora per a mini\"}]},{\"@type\":\"WebSite\",\"@id\":\"https:\/\/maquinsarent.com\/ca\/#website\",\"url\":\"https:\/\/maquinsarent.com\/ca\/\",\"name\":\"Maquinsarent\",\"description\":\"La teva soluci\u00f3 en maquin\u00e0ria\",\"publisher\":{\"@id\":\"https:\/\/maquinsarent.com\/ca\/#organization\"},\"potentialAction\":[{\"@type\":\"SearchAction\",\"target\":{\"@type\":\"EntryPoint\",\"urlTemplate\":\"https:\/\/maquinsarent.com\/ca\/?s={search_term_string}\"},\"query-input\":{\"@type\":\"PropertyValueSpecification\",\"valueRequired\":true,\"valueName\":\"search_term_string\"}}],\"inLanguage\":\"ca\"},{\"@type\":\"Organization\",\"@id\":\"https:\/\/maquinsarent.com\/ca\/#organization\",\"name\":\"Maquinsarent\",\"url\":\"https:\/\/maquinsarent.com\/ca\/\",\"logo\":{\"@type\":\"ImageObject\",\"inLanguage\":\"ca\",\"@id\":\"https:\/\/maquinsarent.com\/ca\/#\/schema\/logo\/image\/\",\"url\":\"https:\/\/maquinsarent.com\/wp-content\/uploads\/2020\/03\/Maquinsarent-logo-blanco.svg\",\"contentUrl\":\"https:\/\/maquinsarent.com\/wp-content\/uploads\/2020\/03\/Maquinsarent-logo-blanco.svg\",\"width\":435.12,\"height\":139.14,\"caption\":\"Maquinsarent\"},\"image\":{\"@id\":\"https:\/\/maquinsarent.com\/ca\/#\/schema\/logo\/image\/\"},\"sameAs\":[\"https:\/\/www.linkedin.com\/company\/maquinsarent\/\",\"https:\/\/instagram.com\/maquinsarent\/\"]}]}<\/script>\n<!-- \/ Yoast SEO plugin. -->","yoast_head_json":{"title":"Retroexcavadora per a mini","description":"Retroexcavadora per a mini","robots":{"index":"index","follow":"follow","max-snippet":"max-snippet:-1","max-image-preview":"max-image-preview:large","max-video-preview":"max-video-preview:-1"},"canonical":"https:\/\/maquinsarent.com\/ca\/lloguer\/retroexcavadora-per-a-mini\/","og_locale":"ca_ES","og_type":"article","og_title":"Retroexcavadora per a mini","og_description":"Retroexcavadora per a mini","og_url":"https:\/\/maquinsarent.com\/ca\/lloguer\/retroexcavadora-per-a-mini\/","og_site_name":"Maquinsarent","article_modified_time":"2024-09-26T08:56:14+00:00","twitter_card":"summary_large_image","schema":{"@context":"https:\/\/schema.org","@graph":[{"@type":"WebPage","@id":"https:\/\/maquinsarent.com\/ca\/lloguer\/retroexcavadora-per-a-mini\/","url":"https:\/\/maquinsarent.com\/ca\/lloguer\/retroexcavadora-per-a-mini\/","name":"Retroexcavadora per a mini","isPartOf":{"@id":"https:\/\/maquinsarent.com\/ca\/#website"},"datePublished":"2024-05-07T08:33:26+00:00","dateModified":"2024-09-26T08:56:14+00:00","description":"Retroexcavadora per a mini","breadcrumb":{"@id":"https:\/\/maquinsarent.com\/ca\/lloguer\/retroexcavadora-per-a-mini\/#breadcrumb"},"inLanguage":"ca","potentialAction":[{"@type":"ReadAction","target":["https:\/\/maquinsarent.com\/ca\/lloguer\/retroexcavadora-per-a-mini\/"]}]},{"@type":"BreadcrumbList","@id":"https:\/\/maquinsarent.com\/ca\/lloguer\/retroexcavadora-per-a-mini\/#breadcrumb","itemListElement":[{"@type":"ListItem","position":1,"name":"Portada","item":"https:\/\/maquinsarent.com\/ca\/"},{"@type":"ListItem","position":2,"name":"Lloguer","item":"https:\/\/maquinsarent.com\/ca\/lloguer\/"},{"@type":"ListItem","position":3,"name":"Retroexcavadora per a mini"}]},{"@type":"WebSite","@id":"https:\/\/maquinsarent.com\/ca\/#website","url":"https:\/\/maquinsarent.com\/ca\/","name":"Maquinsarent","description":"La teva soluci\u00f3 en maquin\u00e0ria","publisher":{"@id":"https:\/\/maquinsarent.com\/ca\/#organization"},"potentialAction":[{"@type":"SearchAction","target":{"@type":"EntryPoint","urlTemplate":"https:\/\/maquinsarent.com\/ca\/?s={search_term_string}"},"query-input":{"@type":"PropertyValueSpecification","valueRequired":true,"valueName":"search_term_string"}}],"inLanguage":"ca"},{"@type":"Organization","@id":"https:\/\/maquinsarent.com\/ca\/#organization","name":"Maquinsarent","url":"https:\/\/maquinsarent.com\/ca\/","logo":{"@type":"ImageObject","inLanguage":"ca","@id":"https:\/\/maquinsarent.com\/ca\/#\/schema\/logo\/image\/","url":"https:\/\/maquinsarent.com\/wp-content\/uploads\/2020\/03\/Maquinsarent-logo-blanco.svg","contentUrl":"https:\/\/maquinsarent.com\/wp-content\/uploads\/2020\/03\/Maquinsarent-logo-blanco.svg","width":435.12,"height":139.14,"caption":"Maquinsarent"},"image":{"@id":"https:\/\/maquinsarent.com\/ca\/#\/schema\/logo\/image\/"},"sameAs":["https:\/\/www.linkedin.com\/company\/maquinsarent\/","https:\/\/instagram.com\/maquinsarent\/"]}]}},"_links":{"self":[{"href":"https:\/\/maquinsarent.com\/ca\/wp-json\/wp\/v2\/cars\/10937","targetHints":{"allow":["GET"]}}],"collection":[{"href":"https:\/\/maquinsarent.com\/ca\/wp-json\/wp\/v2\/cars"}],"about":[{"href":"https:\/\/maquinsarent.com\/ca\/wp-json\/wp\/v2\/types\/cars"}],"author":[{"embeddable":true,"href":"https:\/\/maquinsarent.com\/ca\/wp-json\/wp\/v2\/users\/1"}],"version-history":[{"count":1,"href":"https:\/\/maquinsarent.com\/ca\/wp-json\/wp\/v2\/cars\/10937\/revisions"}],"predecessor-version":[{"id":11277,"href":"https:\/\/maquinsarent.com\/ca\/wp-json\/wp\/v2\/cars\/10937\/revisions\/11277"}],"wp:attachment":[{"href":"https:\/\/maquinsarent.com\/ca\/wp-json\/wp\/v2\/media?parent=10937"}],"wp:term":[{"taxonomy":"tipo-de-maquina","embeddable":true,"href":"https:\/\/maquinsarent.com\/ca\/wp-json\/wp\/v2\/tipo-de-maquina?post=10937"},{"taxonomy":"actividad","embeddable":true,"href":"https:\/\/maquinsarent.com\/ca\/wp-json\/wp\/v2\/actividad?post=10937"},{"taxonomy":"segmento","embeddable":true,"href":"https:\/\/maquinsarent.com\/ca\/wp-json\/wp\/v2\/segmento?post=10937"}],"curies":[{"name":"wp","href":"https:\/\/api.w.org\/{rel}","templated":true}]}}