{"id":10897,"date":"2024-05-07T10:33:18","date_gmt":"2024-05-07T08:33:18","guid":{"rendered":"https:\/\/maquinsarent.com\/alquiler\/compressor-de-11m3\/"},"modified":"2025-10-08T12:23:28","modified_gmt":"2025-10-08T10:23:28","slug":"compressor-de-11m3","status":"publish","type":"cars","link":"https:\/\/maquinsarent.com\/ca\/lloguer\/compressor-de-11m3\/","title":{"rendered":"Compressor aire 11 m3 pressi\u00f3 de 7 a 14 bar"},"content":{"rendered":"","protected":false},"excerpt":{"rendered":"<p>El nostre compressor m\u00e9s potent, amb un disseny robust que ha estat sotm\u00e8s a nombroses proves per garantir un rendiment \u00f2ptim. Sens dubte, el compressor de refer\u00e8ncia per als requeriments m\u00e9s exigents.<\/p>\n","protected":false},"author":1,"featured_media":9085,"template":"","tipo-de-maquina":[281],"actividad":[302],"segmento":[327],"class_list":["post-10897","cars","type-cars","status-publish","has-post-thumbnail","hentry","tipo-de-maquina-aire-ca","actividad-grups-electrogens-i-aire","segmento-compressor-aire"],"yoast_head":"<!-- This site is optimized with the Yoast SEO plugin v26.1.1 - https:\/\/yoast.com\/wordpress\/plugins\/seo\/ -->\n<title>Compressor de 11m3<\/title>\n<meta name=\"description\" content=\"Compressor de 11m3\" \/>\n<meta name=\"robots\" content=\"index, follow, max-snippet:-1, max-image-preview:large, max-video-preview:-1\" \/>\n<link rel=\"canonical\" href=\"https:\/\/maquinsarent.com\/ca\/lloguer\/compressor-de-11m3\/\" \/>\n<meta property=\"og:locale\" content=\"ca_ES\" \/>\n<meta property=\"og:type\" content=\"article\" \/>\n<meta property=\"og:title\" content=\"Compressor de 11m3\" \/>\n<meta property=\"og:description\" content=\"Compressor de 11m3\" \/>\n<meta property=\"og:url\" content=\"https:\/\/maquinsarent.com\/ca\/lloguer\/compressor-de-11m3\/\" \/>\n<meta property=\"og:site_name\" content=\"Maquinsarent\" \/>\n<meta property=\"article:modified_time\" content=\"2025-10-08T10:23:28+00:00\" \/>\n<meta property=\"og:image\" content=\"https:\/\/maquinsarent.com\/wp-content\/uploads\/2024\/05\/010106IMAGE-2.jpg\" \/>\n\t<meta property=\"og:image:width\" content=\"675\" \/>\n\t<meta property=\"og:image:height\" content=\"675\" \/>\n\t<meta property=\"og:image:type\" content=\"image\/jpeg\" \/>\n<meta name=\"twitter:card\" content=\"summary_large_image\" \/>\n<script type=\"application\/ld+json\" class=\"yoast-schema-graph\">{\"@context\":\"https:\/\/schema.org\",\"@graph\":[{\"@type\":\"WebPage\",\"@id\":\"https:\/\/maquinsarent.com\/ca\/lloguer\/compressor-de-11m3\/\",\"url\":\"https:\/\/maquinsarent.com\/ca\/lloguer\/compressor-de-11m3\/\",\"name\":\"Compressor de 11m3\",\"isPartOf\":{\"@id\":\"https:\/\/maquinsarent.com\/ca\/#website\"},\"primaryImageOfPage\":{\"@id\":\"https:\/\/maquinsarent.com\/ca\/lloguer\/compressor-de-11m3\/#primaryimage\"},\"image\":{\"@id\":\"https:\/\/maquinsarent.com\/ca\/lloguer\/compressor-de-11m3\/#primaryimage\"},\"thumbnailUrl\":\"https:\/\/maquinsarent.com\/wp-content\/uploads\/2024\/05\/010106IMAGE-2.jpg\",\"datePublished\":\"2024-05-07T08:33:18+00:00\",\"dateModified\":\"2025-10-08T10:23:28+00:00\",\"description\":\"Compressor de 11m3\",\"breadcrumb\":{\"@id\":\"https:\/\/maquinsarent.com\/ca\/lloguer\/compressor-de-11m3\/#breadcrumb\"},\"inLanguage\":\"ca\",\"potentialAction\":[{\"@type\":\"ReadAction\",\"target\":[\"https:\/\/maquinsarent.com\/ca\/lloguer\/compressor-de-11m3\/\"]}]},{\"@type\":\"ImageObject\",\"inLanguage\":\"ca\",\"@id\":\"https:\/\/maquinsarent.com\/ca\/lloguer\/compressor-de-11m3\/#primaryimage\",\"url\":\"https:\/\/maquinsarent.com\/wp-content\/uploads\/2024\/05\/010106IMAGE-2.jpg\",\"contentUrl\":\"https:\/\/maquinsarent.com\/wp-content\/uploads\/2024\/05\/010106IMAGE-2.jpg\",\"width\":675,\"height\":675,\"caption\":\"Compresor de 11m3\"},{\"@type\":\"BreadcrumbList\",\"@id\":\"https:\/\/maquinsarent.com\/ca\/lloguer\/compressor-de-11m3\/#breadcrumb\",\"itemListElement\":[{\"@type\":\"ListItem\",\"position\":1,\"name\":\"Portada\",\"item\":\"https:\/\/maquinsarent.com\/ca\/\"},{\"@type\":\"ListItem\",\"position\":2,\"name\":\"Lloguer\",\"item\":\"https:\/\/maquinsarent.com\/ca\/lloguer\/\"},{\"@type\":\"ListItem\",\"position\":3,\"name\":\"Compressor aire 11 m3 pressi\u00f3 de 7 a 14 bar\"}]},{\"@type\":\"WebSite\",\"@id\":\"https:\/\/maquinsarent.com\/ca\/#website\",\"url\":\"https:\/\/maquinsarent.com\/ca\/\",\"name\":\"Maquinsarent\",\"description\":\"La teva soluci\u00f3 en maquin\u00e0ria\",\"publisher\":{\"@id\":\"https:\/\/maquinsarent.com\/ca\/#organization\"},\"potentialAction\":[{\"@type\":\"SearchAction\",\"target\":{\"@type\":\"EntryPoint\",\"urlTemplate\":\"https:\/\/maquinsarent.com\/ca\/?s={search_term_string}\"},\"query-input\":{\"@type\":\"PropertyValueSpecification\",\"valueRequired\":true,\"valueName\":\"search_term_string\"}}],\"inLanguage\":\"ca\"},{\"@type\":\"Organization\",\"@id\":\"https:\/\/maquinsarent.com\/ca\/#organization\",\"name\":\"Maquinsarent\",\"url\":\"https:\/\/maquinsarent.com\/ca\/\",\"logo\":{\"@type\":\"ImageObject\",\"inLanguage\":\"ca\",\"@id\":\"https:\/\/maquinsarent.com\/ca\/#\/schema\/logo\/image\/\",\"url\":\"https:\/\/maquinsarent.com\/wp-content\/uploads\/2020\/03\/Maquinsarent-logo-blanco.svg\",\"contentUrl\":\"https:\/\/maquinsarent.com\/wp-content\/uploads\/2020\/03\/Maquinsarent-logo-blanco.svg\",\"width\":435.12,\"height\":139.14,\"caption\":\"Maquinsarent\"},\"image\":{\"@id\":\"https:\/\/maquinsarent.com\/ca\/#\/schema\/logo\/image\/\"},\"sameAs\":[\"https:\/\/www.linkedin.com\/company\/maquinsarent\/\",\"https:\/\/instagram.com\/maquinsarent\/\"]}]}<\/script>\n<!-- \/ Yoast SEO plugin. -->","yoast_head_json":{"title":"Compressor de 11m3","description":"Compressor de 11m3","robots":{"index":"index","follow":"follow","max-snippet":"max-snippet:-1","max-image-preview":"max-image-preview:large","max-video-preview":"max-video-preview:-1"},"canonical":"https:\/\/maquinsarent.com\/ca\/lloguer\/compressor-de-11m3\/","og_locale":"ca_ES","og_type":"article","og_title":"Compressor de 11m3","og_description":"Compressor de 11m3","og_url":"https:\/\/maquinsarent.com\/ca\/lloguer\/compressor-de-11m3\/","og_site_name":"Maquinsarent","article_modified_time":"2025-10-08T10:23:28+00:00","og_image":[{"width":675,"height":675,"url":"https:\/\/maquinsarent.com\/wp-content\/uploads\/2024\/05\/010106IMAGE-2.jpg","type":"image\/jpeg"}],"twitter_card":"summary_large_image","schema":{"@context":"https:\/\/schema.org","@graph":[{"@type":"WebPage","@id":"https:\/\/maquinsarent.com\/ca\/lloguer\/compressor-de-11m3\/","url":"https:\/\/maquinsarent.com\/ca\/lloguer\/compressor-de-11m3\/","name":"Compressor de 11m3","isPartOf":{"@id":"https:\/\/maquinsarent.com\/ca\/#website"},"primaryImageOfPage":{"@id":"https:\/\/maquinsarent.com\/ca\/lloguer\/compressor-de-11m3\/#primaryimage"},"image":{"@id":"https:\/\/maquinsarent.com\/ca\/lloguer\/compressor-de-11m3\/#primaryimage"},"thumbnailUrl":"https:\/\/maquinsarent.com\/wp-content\/uploads\/2024\/05\/010106IMAGE-2.jpg","datePublished":"2024-05-07T08:33:18+00:00","dateModified":"2025-10-08T10:23:28+00:00","description":"Compressor de 11m3","breadcrumb":{"@id":"https:\/\/maquinsarent.com\/ca\/lloguer\/compressor-de-11m3\/#breadcrumb"},"inLanguage":"ca","potentialAction":[{"@type":"ReadAction","target":["https:\/\/maquinsarent.com\/ca\/lloguer\/compressor-de-11m3\/"]}]},{"@type":"ImageObject","inLanguage":"ca","@id":"https:\/\/maquinsarent.com\/ca\/lloguer\/compressor-de-11m3\/#primaryimage","url":"https:\/\/maquinsarent.com\/wp-content\/uploads\/2024\/05\/010106IMAGE-2.jpg","contentUrl":"https:\/\/maquinsarent.com\/wp-content\/uploads\/2024\/05\/010106IMAGE-2.jpg","width":675,"height":675,"caption":"Compresor de 11m3"},{"@type":"BreadcrumbList","@id":"https:\/\/maquinsarent.com\/ca\/lloguer\/compressor-de-11m3\/#breadcrumb","itemListElement":[{"@type":"ListItem","position":1,"name":"Portada","item":"https:\/\/maquinsarent.com\/ca\/"},{"@type":"ListItem","position":2,"name":"Lloguer","item":"https:\/\/maquinsarent.com\/ca\/lloguer\/"},{"@type":"ListItem","position":3,"name":"Compressor aire 11 m3 pressi\u00f3 de 7 a 14 bar"}]},{"@type":"WebSite","@id":"https:\/\/maquinsarent.com\/ca\/#website","url":"https:\/\/maquinsarent.com\/ca\/","name":"Maquinsarent","description":"La teva soluci\u00f3 en maquin\u00e0ria","publisher":{"@id":"https:\/\/maquinsarent.com\/ca\/#organization"},"potentialAction":[{"@type":"SearchAction","target":{"@type":"EntryPoint","urlTemplate":"https:\/\/maquinsarent.com\/ca\/?s={search_term_string}"},"query-input":{"@type":"PropertyValueSpecification","valueRequired":true,"valueName":"search_term_string"}}],"inLanguage":"ca"},{"@type":"Organization","@id":"https:\/\/maquinsarent.com\/ca\/#organization","name":"Maquinsarent","url":"https:\/\/maquinsarent.com\/ca\/","logo":{"@type":"ImageObject","inLanguage":"ca","@id":"https:\/\/maquinsarent.com\/ca\/#\/schema\/logo\/image\/","url":"https:\/\/maquinsarent.com\/wp-content\/uploads\/2020\/03\/Maquinsarent-logo-blanco.svg","contentUrl":"https:\/\/maquinsarent.com\/wp-content\/uploads\/2020\/03\/Maquinsarent-logo-blanco.svg","width":435.12,"height":139.14,"caption":"Maquinsarent"},"image":{"@id":"https:\/\/maquinsarent.com\/ca\/#\/schema\/logo\/image\/"},"sameAs":["https:\/\/www.linkedin.com\/company\/maquinsarent\/","https:\/\/instagram.com\/maquinsarent\/"]}]}},"_links":{"self":[{"href":"https:\/\/maquinsarent.com\/ca\/wp-json\/wp\/v2\/cars\/10897","targetHints":{"allow":["GET"]}}],"collection":[{"href":"https:\/\/maquinsarent.com\/ca\/wp-json\/wp\/v2\/cars"}],"about":[{"href":"https:\/\/maquinsarent.com\/ca\/wp-json\/wp\/v2\/types\/cars"}],"author":[{"embeddable":true,"href":"https:\/\/maquinsarent.com\/ca\/wp-json\/wp\/v2\/users\/1"}],"version-history":[{"count":2,"href":"https:\/\/maquinsarent.com\/ca\/wp-json\/wp\/v2\/cars\/10897\/revisions"}],"predecessor-version":[{"id":12021,"href":"https:\/\/maquinsarent.com\/ca\/wp-json\/wp\/v2\/cars\/10897\/revisions\/12021"}],"wp:featuredmedia":[{"embeddable":true,"href":"https:\/\/maquinsarent.com\/ca\/wp-json\/wp\/v2\/media\/9085"}],"wp:attachment":[{"href":"https:\/\/maquinsarent.com\/ca\/wp-json\/wp\/v2\/media?parent=10897"}],"wp:term":[{"taxonomy":"tipo-de-maquina","embeddable":true,"href":"https:\/\/maquinsarent.com\/ca\/wp-json\/wp\/v2\/tipo-de-maquina?post=10897"},{"taxonomy":"actividad","embeddable":true,"href":"https:\/\/maquinsarent.com\/ca\/wp-json\/wp\/v2\/actividad?post=10897"},{"taxonomy":"segmento","embeddable":true,"href":"https:\/\/maquinsarent.com\/ca\/wp-json\/wp\/v2\/segmento?post=10897"}],"curies":[{"name":"wp","href":"https:\/\/api.w.org\/{rel}","templated":true}]}}